{"id":261,"date":"2020-06-06T19:56:13","date_gmt":"2020-06-06T19:56:13","guid":{"rendered":"http:\/\/merinodohne.com\/?page_id=261"},"modified":"2022-02-14T18:15:25","modified_gmt":"2022-02-14T18:15:25","slug":"ovinos-uruguay","status":"publish","type":"page","link":"https:\/\/merinodohne.com\/?page_id=261","title":{"rendered":"Ovinos Uruguay"},"content":{"rendered":"\n<figure class=\"wp-block-image size-large\"><img fetchpriority=\"high\" decoding=\"async\" width=\"1024\" height=\"576\" src=\"http:\/\/merinodohne.com\/wp-content\/uploads\/2022\/02\/pietin-1024x576.gif\" alt=\"\" class=\"wp-image-493\" srcset=\"https:\/\/merinodohne.com\/wp-content\/uploads\/2022\/02\/pietin-1024x576.gif 1024w, https:\/\/merinodohne.com\/wp-content\/uploads\/2022\/02\/pietin-300x169.gif 300w, https:\/\/merinodohne.com\/wp-content\/uploads\/2022\/02\/pietin-768x432.gif 768w\" sizes=\"(max-width: 767px) 89vw, (max-width: 1000px) 54vw, (max-width: 1071px) 543px, 580px\" \/><figcaption>Foto Caba\u00f1a Nambi Guasu.<\/figcaption><\/figure>\n\n\n\n<p><strong>Piet\u00edn: una enfermedad incompatible con el bienestar animal y humano<\/strong><\/p>\n\n\n\n<p>\u00bfA qu\u00e9 productor ovejero no le quita el sue\u00f1o esta temible enfermedad?<\/p>\n\n\n\n<p>A todos nos desvela, porque es una enfermedad muy contagiosa que disminuye el estado corporal de las ovejas, afectando en el largo plazo su desempe\u00f1o productivo (carne y lana), reproductivo (menor tasa de se\u00f1alada) y el crecimiento de los corderos. El piet\u00edn tambi\u00e9n conlleva p\u00e9rdidas por complicaciones secundarias particularmente en oto\u00f1o, primavera y veranos lluviosos por bicheras y en algunos casos muertes de animales. A la p\u00e9rdida de productividad y bienestar animal, se le asocia el desestimulo del personal del establecimiento y gastos extras en tratamientos.<\/p>\n\n\n\n<p>Las razas de ovinos productores de lana fina, como el Merino Dohne, \u00bfson m\u00e1s sensibles a la enfermedad? En t\u00e9rminos generales s\u00ed. Pero eso NO significa que no se pueda controlar y eliminar el problema de la majada. Los cuidados deben estar relacionados a solucionar el problema en las majadas sobre la cual se realizar\u00e1 la cruza e ingresar carneros sanos a las majadas sanas. Todas las razas de ovinos en diferentes grados son sensibles al Piet\u00edn cuando la enfermedad est\u00e1 presente en el predio y las condiciones de propagaci\u00f3n de la enfermedad son adecuadas (temperaturas superiores a los 10\u00baC y humedad en el suelo). La buena noticia es que la bacteria que lo provoca (<em>Dichelobacter nodosus<\/em>) vive en la pezu\u00f1a de los ovinos portadores (agudos y cr\u00f3nicos), y su identificaci\u00f3n, aislamiento y refugo del establecimiento permite eliminar la principal fuente de infecci\u00f3n.<\/p>\n\n\n\n<p>Otros aspectos importantes son: que la bacteria causal del Piet\u00edn sobrevive no m\u00e1s de 15 d\u00edas en el pasto y que los tratamientos con ba\u00f1os podales bien hechos permiten desinfectar las pezu\u00f1as de los animales sanos y tratar animales con lesiones leves.<\/p>\n\n\n\n<p>\u00bfA que nos referimos con \u201cba\u00f1os bien hechos\u201d? Conocemos el volumen de agua que carga el ba\u00f1o y no tenemos p\u00e9rdidas; el ba\u00f1o est\u00e1 limpio antes de cargar agua limpia; agregamos la cantidad de producto adecuada para preparar el ba\u00f1o (sulfato de zinc al 10%) y el tiempo recomendado seg\u00fan criterio del veterinario (10 min controlando por reloj). Adem\u00e1s, debemos asegurar que los ovinos tengan la pezu\u00f1a sumergida en el agua durante el tratamiento. El exceso de ba\u00f1os podales es negativo, m\u00e1s a\u00fan si se usan productos muy irritantes como el formol, y no se controla estrictamente el tiempo que permanecen en el ba\u00f1o. La excesiva frecuencia o concentraci\u00f3n de ba\u00f1os con formol puede provocar otra enfermedad que son los abscesos de dedo (en general lesiones en punta de pezu\u00f1as).<\/p>\n\n\n\n<p>Por lo tanto, para controlar el Piet\u00edn debemos seguir algunos pasos:<\/p>\n\n\n\n<ol class=\"wp-block-list\" type=\"1\"><li>Revisar patas y manos de todos los ovinos del establecimiento en veranos secos<\/li><li>Aislar y eliminar r\u00e1pidamente a los animales portadores cr\u00f3nicos y lesiones agudas avanzadas<\/li><li>Hacer ba\u00f1os de patas o \u201cpediluvios\u201d con sulfato de zinc al 10% por 10 minutos<\/li><li>Llevar a los ovinos sanos a potreros que estuvieron libres de ovinos por 15 d\u00edas previos<\/li><li>&nbsp;Los animales enfermos curables deben recibir 3 ba\u00f1os bien hechos, cada 7 &#8211; 10 d\u00edas y ser vueltos a evaluar antes de ingresarlos a la majada sana.<\/li><\/ol>\n\n\n\n<p>EL PIET\u00cdN ES UNA ENFERMEDAD CONTROLABLE Y ERRADICABLE, COMIENCE YA A ELIMINAR EL PROBLEMA DE SU MAJADA.<\/p>\n\n\n\n<div data-wp-interactive=\"core\/file\" class=\"wp-block-file\"><object data-wp-bind--hidden=\"!state.hasPdfPreview\" hidden class=\"wp-block-file__embed\" data=\"http:\/\/merinodohne.com\/wp-content\/uploads\/2022\/02\/Pietin_Sergio-Fierro.pdf\" type=\"application\/pdf\" style=\"width:100%;height:200px\" aria-label=\"Incrustado de Incrustado de Piet\u00edn_Sergio Fierro..\"><\/object><a id=\"wp-block-file--media-3ecd1bf2-0ec6-4a6c-8710-26ba93af92c8\" href=\"http:\/\/merinodohne.com\/wp-content\/uploads\/2022\/02\/Pietin_Sergio-Fierro.pdf\">Piet\u00edn_Sergio Fierro<\/a><a href=\"http:\/\/merinodohne.com\/wp-content\/uploads\/2022\/02\/Pietin_Sergio-Fierro.pdf\" class=\"wp-block-file__button\" download aria-describedby=\"wp-block-file--media-3ecd1bf2-0ec6-4a6c-8710-26ba93af92c8\">Descarga<\/a><\/div>\n\n\n\n<p>Recomendamos la lectura del art\u00edculo de Sergio Fierro \u201cPiet\u00edn: podemos controlarlo y erradicarlo\u201d  a continuaci\u00f3n.<\/p>\n\n\n\n<p><strong>EST\u00c1NDAR DE LANA RESPONSABLE (RWS)<\/strong><\/p>\n\n\n\n<figure class=\"wp-block-image size-large\"><img decoding=\"async\" width=\"1024\" height=\"576\" src=\"http:\/\/merinodohne.com\/wp-content\/uploads\/2022\/02\/lana-1-1024x576.gif\" alt=\"\" class=\"wp-image-491\" srcset=\"https:\/\/merinodohne.com\/wp-content\/uploads\/2022\/02\/lana-1-1024x576.gif 1024w, https:\/\/merinodohne.com\/wp-content\/uploads\/2022\/02\/lana-1-300x169.gif 300w, https:\/\/merinodohne.com\/wp-content\/uploads\/2022\/02\/lana-1-768x432.gif 768w\" sizes=\"(max-width: 767px) 89vw, (max-width: 1000px) 54vw, (max-width: 1071px) 543px, 580px\" \/><figcaption>Foto Caba\u00f1a Nambi Guasu.<\/figcaption><\/figure>\n\n\n\n<p>La Certificaci\u00f3n Est\u00e1ndar de Lana Responsable (<em>Responsible Wool Standard<\/em>, RWS) se presenta como una oportunidad para que los ganaderos demuestren sus mejores pr\u00e1cticas al p\u00fablico, y un medio para que las marcas y los consumidores tengan la certidumbre que los productos de lana que compran y venden est\u00e1n en l\u00ednea con sus valores. El est\u00e1ndar fue desarrollado por un grupo de trabajo internacional asegurando la protecci\u00f3n del Bienestar Animal, el manejo de tierras y manejo ovino en forma espec\u00edfica. El est\u00e1ndar combina las perspectivas y conocimiento pr\u00e1ctico de todas las \u00e1reas de mayor producci\u00f3n de lana del mundo. Es un est\u00e1ndar voluntario.<\/p>\n\n\n\n<div data-wp-interactive=\"core\/file\" class=\"wp-block-file\"><object data-wp-bind--hidden=\"!state.hasPdfPreview\" hidden class=\"wp-block-file__embed\" data=\"http:\/\/merinodohne.com\/wp-content\/uploads\/2022\/02\/RWS_3_compressed.pdf\" type=\"application\/pdf\" style=\"width:100%;height:200px\" aria-label=\"Incrustado de Incrustado de Est\u00e1ndar de Lana Responsable RWS..\"><\/object><a id=\"wp-block-file--media-53f1f5ca-1579-4d0c-9876-87f8bcc0630d\" href=\"http:\/\/merinodohne.com\/wp-content\/uploads\/2022\/02\/RWS_3_compressed.pdf\">Est\u00e1ndar de Lana Responsable RWS<\/a><a href=\"http:\/\/merinodohne.com\/wp-content\/uploads\/2022\/02\/RWS_3_compressed.pdf\" class=\"wp-block-file__button\" download aria-describedby=\"wp-block-file--media-53f1f5ca-1579-4d0c-9876-87f8bcc0630d\">Descarga<\/a><\/div>\n\n\n\n<figure class=\"wp-block-image size-large\"><a href=\"https:\/\/www.youtube.com\/watch?v=I_T3JthLk5k\"><img decoding=\"async\" width=\"1024\" height=\"576\" src=\"http:\/\/merinodohne.com\/wp-content\/uploads\/2020\/06\/jornadas-2019-II-1024x576.jpg\" alt=\"\" class=\"wp-image-215\" srcset=\"https:\/\/merinodohne.com\/wp-content\/uploads\/2020\/06\/jornadas-2019-II-1024x576.jpg 1024w, https:\/\/merinodohne.com\/wp-content\/uploads\/2020\/06\/jornadas-2019-II-300x169.jpg 300w, https:\/\/merinodohne.com\/wp-content\/uploads\/2020\/06\/jornadas-2019-II-768x432.jpg 768w, https:\/\/merinodohne.com\/wp-content\/uploads\/2020\/06\/jornadas-2019-II.jpg 1280w\" sizes=\"(max-width: 767px) 89vw, (max-width: 1000px) 54vw, (max-width: 1071px) 543px, 580px\" \/><\/a><\/figure>\n\n\n\n<p><strong>CAMPA\u00d1A VAMOS POR M\u00c1S CORDEROS<\/strong><\/p>\n\n\n\n<p>En el marco de la Campa\u00f1a <em>Vamos por m\u00e1s Corderos<\/em> organizada por INIA, SuL y las Facultades de Veterinaria y Agronom\u00eda, se est\u00e1n llevando a cabo ciclos de charlas on line. Pueden acceder a los v\u00eddeos en la siguiente direcci\u00f3n <a rel=\"noreferrer noopener\" href=\"https:\/\/www.sul.org.uy\/noticias\/450\" target=\"_blank\">https:\/\/www.sul.org.uy\/noticias\/450<\/a><\/p>\n\n\n\n<p><strong>P\u00c9RDIDAS PERINATALES DE CORDEROS<\/strong><\/p>\n\n\n\n<p>En el ovino no es dif\u00edcil obtener porcentajes de pre\u00f1ez que superan el 90% y potenciales de se\u00f1alada superiores al 100%; sin embargo, los porcentajes de se\u00f1alada no superan el 65% en los \u00faltimos 10 a\u00f1os, producto de la alta mortandad perinatal de corderos. Este problema tiene una importante repercusi\u00f3n econ\u00f3mica y atenta contra la visibilidad de los productos de carne y lana. El bienestar animal tambi\u00e9n genera preocupaci\u00f3n. Por tanto, la sobrevivencia de corderos es un problema que debe optimizarse.<\/p>\n\n\n\n<div class=\"wp-block-file\"><a id=\"wp-block-file--media-929d694c-4f8a-489d-b9ad-67ce40bbda6f\" href=\"http:\/\/merinodohne.com\/wp-content\/uploads\/2020\/05\/P\u00c9RDIDAS-PERINATALES-DE-CORDEROS.pdf\">Seguir Leyendo<\/a><a href=\"http:\/\/merinodohne.com\/wp-content\/uploads\/2020\/05\/P\u00c9RDIDAS-PERINATALES-DE-CORDEROS.pdf\" class=\"wp-block-file__button\" download aria-describedby=\"wp-block-file--media-929d694c-4f8a-489d-b9ad-67ce40bbda6f\">Descarga<\/a><\/div>\n\n\n\n<figure class=\"wp-block-image size-large is-resized\"><img loading=\"lazy\" decoding=\"async\" src=\"http:\/\/merinodohne.com\/wp-content\/uploads\/2020\/06\/PERDIDAS-CORDEROS-1024x576.jpg\" alt=\"\" class=\"wp-image-216\" width=\"622\" height=\"350\" srcset=\"https:\/\/merinodohne.com\/wp-content\/uploads\/2020\/06\/PERDIDAS-CORDEROS-1024x576.jpg 1024w, https:\/\/merinodohne.com\/wp-content\/uploads\/2020\/06\/PERDIDAS-CORDEROS-300x169.jpg 300w, https:\/\/merinodohne.com\/wp-content\/uploads\/2020\/06\/PERDIDAS-CORDEROS-768x432.jpg 768w, https:\/\/merinodohne.com\/wp-content\/uploads\/2020\/06\/PERDIDAS-CORDEROS.jpg 1280w\" sizes=\"(max-width: 622px) 100vw, 622px\" \/><figcaption>Foto Nambi Guasu.<\/figcaption><\/figure>\n\n\n\n<p><strong>GIRA MERINO DOHNE 2018 EN MINAS Y EN ABRIL<\/strong><\/p>\n\n\n\n<p>Invitamos a nuestros clientes y amigos a participar del d\u00eda de campo que se realiz\u00f3 en la Estancia 1903 de la familia Quadrelli en el Camino \u201cEl Soldado\u201d (Lavalleja), el Lunes 16 de Abril de 2018 a las 9:30 horas.  Durante la actividad se hizo una descripci\u00f3n del funcionamiento de nuestro sistema productivo y presentamos un v\u00eddeo con la historia de la caba\u00f1a  Nambi Guasu <a rel=\"noreferrer noopener\" href=\"https:\/\/www.youtube.com\/watch?v=cffP529qxrU\" target=\"_blank\">https:\/\/www.youtube.com\/watch?v=cffP529qxrU<\/a><\/p>\n\n\n\n<p>Esta actividad dio inicio a la gira pre-congreso, cuyo programa se adjunta.<\/p>\n\n\n\n<figure class=\"wp-block-image size-large is-resized\"><img loading=\"lazy\" decoding=\"async\" src=\"http:\/\/merinodohne.com\/wp-content\/uploads\/2020\/06\/GIRA-20182-1-1024x576.jpg\" alt=\"\" class=\"wp-image-293\" width=\"626\" height=\"352\" srcset=\"https:\/\/merinodohne.com\/wp-content\/uploads\/2020\/06\/GIRA-20182-1-1024x576.jpg 1024w, https:\/\/merinodohne.com\/wp-content\/uploads\/2020\/06\/GIRA-20182-1-300x169.jpg 300w, https:\/\/merinodohne.com\/wp-content\/uploads\/2020\/06\/GIRA-20182-1-768x432.jpg 768w, https:\/\/merinodohne.com\/wp-content\/uploads\/2020\/06\/GIRA-20182-1.jpg 1280w\" sizes=\"(max-width: 626px) 100vw, 626px\" \/><figcaption>Apertura del Evento a cargo de la Dra. Carolina Vi\u00f1oles. Foto Nambi Guasu.<\/figcaption><\/figure>\n\n\n\n<div class=\"wp-block-file\"><a id=\"wp-block-file--media-acdfc20e-38a5-43f8-a4f6-5baef60df28a\" href=\"http:\/\/merinodohne.com\/wp-content\/uploads\/2020\/06\/Programa_Conferencia_Internacional_Dohne.pdf\">Programa Conferencia Internacional Dohne<\/a><a href=\"http:\/\/merinodohne.com\/wp-content\/uploads\/2020\/06\/Programa_Conferencia_Internacional_Dohne.pdf\" class=\"wp-block-file__button\" download aria-describedby=\"wp-block-file--media-acdfc20e-38a5-43f8-a4f6-5baef60df28a\">Descarga<\/a><\/div>\n\n\n\n<p><strong>ALIMENTACI\u00d3N PREFERENCIAL DEL CORDERO O <em>CREEP FEEDING<\/em><\/strong><\/p>\n\n\n\n<p>La obtenci\u00f3n de buenas tasas de ganancia pre-destete determina los pesos al destete de los corderos que en muchas situaciones nutricionales restrictivas puede ser limitante para ingresar al mercado del cordero liviano con  pesos adecuados (carcasas de 12-15 kg). La tasa de ganancia de los corderos al pie de la madre es altamente dependiente de la producci\u00f3n de leche materna que decae a partir de la semana 2-3 pos parto. A partir de all\u00ed, el aumento en los requerimientos nutritivos determina que la cantidad de leche ofrecida por la oveja no sea suficiente, por lo que baja la tasa de ganancia de peso diaria. La posibilidad de ofrecer un concentrado de buena calidad s\u00f3lo a los corderos determina que los animales mantengan altas tasas de ganancia de peso. Para ello, se crea un \u00e1rea con una barrera f\u00edsica que impide el pasaje de las madres, pero s\u00ed de corderos (Foto).<\/p>\n\n\n\n<figure class=\"wp-block-image size-large is-resized\"><img loading=\"lazy\" decoding=\"async\" src=\"http:\/\/merinodohne.com\/wp-content\/uploads\/2020\/06\/Foto-1-creep-feeding-1024x683.jpg\" alt=\"\" class=\"wp-image-299\" width=\"622\" height=\"415\" srcset=\"https:\/\/merinodohne.com\/wp-content\/uploads\/2020\/06\/Foto-1-creep-feeding-1024x683.jpg 1024w, https:\/\/merinodohne.com\/wp-content\/uploads\/2020\/06\/Foto-1-creep-feeding-300x200.jpg 300w, https:\/\/merinodohne.com\/wp-content\/uploads\/2020\/06\/Foto-1-creep-feeding-768x512.jpg 768w, https:\/\/merinodohne.com\/wp-content\/uploads\/2020\/06\/Foto-1-creep-feeding.jpg 1299w\" sizes=\"(max-width: 622px) 100vw, 622px\" \/><figcaption>Foto. Estructura f\u00edsica que permite el pasaje exclusivamente de los corderos al \u00e1rea de  suplementaci\u00f3n.<\/figcaption><\/figure>\n\n\n\n<p>Los concentrados deben ser de buena calidad y palatabilidad para el consumo por los corderos, que se recomienda ense\u00f1ar a comer junto a sus madres con sub-productos (afrechillo de trigo). La raci\u00f3n de buena calidad debe ofrecerse en forma gradual para evitar problemas de acidosis ruminal. Para ello, se recomienda utilizar granos sin alta concentraci\u00f3n de almid\u00f3n. El uso de afrechillo trigo con expeler de soja en una proporci\u00f3n de 60:40 es muy recomendable. Esta estrategia de alimentaci\u00f3n es particularmente \u00fatil en per\u00edodos de sequ\u00eda. El INIA ha generado mucha informaci\u00f3n en esta tem\u00e1tica que ponemos a disposici\u00f3n de nuestros clientes y amigos.&nbsp;<\/p>\n\n\n\n<div class=\"wp-block-file\"><a id=\"wp-block-file--media-6034da16-e0e5-4c04-bdb9-fc28fe7c25ee\" href=\"http:\/\/merinodohne.com\/wp-content\/uploads\/2020\/06\/Alimentaci\u00f3n_estrat\u00e9gica_de_corderos.pdf\">Alimentaci\u00f3n estrat\u00e9gica de corderos<\/a><a href=\"http:\/\/merinodohne.com\/wp-content\/uploads\/2020\/06\/Alimentaci\u00f3n_estrat\u00e9gica_de_corderos.pdf\" class=\"wp-block-file__button\" download aria-describedby=\"wp-block-file--media-6034da16-e0e5-4c04-bdb9-fc28fe7c25ee\">Descarga<\/a><\/div>\n\n\n\n<p><strong>LUCHA CONTRA LOS PREDADORES<\/strong><\/p>\n\n\n\n<div class=\"wp-block-image\"><figure class=\"alignleft size-large is-resized\"><img loading=\"lazy\" decoding=\"async\" src=\"http:\/\/merinodohne.com\/wp-content\/uploads\/2020\/06\/foto-2-Jacinta-1024x768.jpg\" alt=\"\" class=\"wp-image-320\" width=\"457\" height=\"342\" srcset=\"https:\/\/merinodohne.com\/wp-content\/uploads\/2020\/06\/foto-2-Jacinta-1024x768.jpg 1024w, https:\/\/merinodohne.com\/wp-content\/uploads\/2020\/06\/foto-2-Jacinta-300x225.jpg 300w, https:\/\/merinodohne.com\/wp-content\/uploads\/2020\/06\/foto-2-Jacinta-768x576.jpg 768w, https:\/\/merinodohne.com\/wp-content\/uploads\/2020\/06\/foto-2-Jacinta-1536x1152.jpg 1536w, https:\/\/merinodohne.com\/wp-content\/uploads\/2020\/06\/foto-2-Jacinta-2048x1536.jpg 2048w\" sizes=\"(max-width: 457px) 100vw, 457px\" \/><figcaption>Burra Jacinta . Foto Nambi Guasu.<\/figcaption><\/figure><\/div>\n\n\n\n<p>La producci\u00f3n ovina transita unos de sus peores momentos a nivel nacional, con una importante reducci\u00f3n en el stock ovino que lleg\u00f3 a los niveles hist\u00f3ricos m\u00e1s bajos con 6.6 millones de cabezas. Dentro de las categor\u00edas que han tenido mayor reducci\u00f3n est\u00e1n las borregas (-17%), dejando de manifiesto que la maquinaria de producir corderos se ha visto muy afectada. Las causas de la ca\u00edda en el stock son m\u00faltiples pero, sin duda, el abigeato y los predadores son las que m\u00e1s afectan el estado an\u00edmico de los productores.<\/p>\n\n\n\n<p>Lograr porcentajes de pre\u00f1ez superiores al 90%, y que los mismos redunden en porcentajes de se\u00f1alada del 65-70%, son cifras que ponen en jaque al sistema productivo. En la revista Lana Noticias N\u00b0 169, publicada por el SUL se destaca el art\u00edculo \u00abExperiencias exitosas en el control de PREDADORES\u00bb (p. 21) que menciona como alternativa de lucha contra predadores el uso de burros Californianos (hembras o machos castrados). Esta experiencia incentiv\u00f3 a la caba\u00f1a Nambi Guasu a explorar dicha alternativa.<\/p>\n\n\n\n<p>A trav\u00e9s del SUL &nbsp;concretamos la compra de una hembra, a la que impusimos un per\u00edodo de importa con una peque\u00f1a majada de ovinos (40 ovejas), en un \u00e1rea mejorada reducida (5 ha) por un mes. Trascurrido dicho per\u00edodo, la burra fue tropeada junto a las borregas del grupo reducido a un potrero de 75 ha, junto a la majada por parir. Previo a su liberaci\u00f3n, la burra permaneci\u00f3 algunas horas encerrada con la nueva majada.<\/p>\n\n\n\n<p>Debemos destacar que el porcentaje de se\u00f1alada del presente a\u00f1o en la majada que gestaba corderos \u00fanicos, m\u00e1s all\u00e1 del clima beneficioso para los ovinos (en la Estancia 1903, 3<sup>era<\/sup>&nbsp;Seccional Policial de Lavalleja, llovieron 524 mm acumulados en el a\u00f1o), fue de 94%. Es muy interesante el comportamiento de la burra con la majada que muestra un estado de alerta permanente desde que se ingresa a caballo al potrero, junto con una importante aversi\u00f3n a los perros, que la incita a mover la majada, siempre en estado de alerta. Los resultados auspiciosos de esta experiencia ameritan realizar mayores estudios que permitan confirmar el \u00e9xito y difundir esta estrategia para aumentar la eficiencia reproductiva de nuestras majadas.<\/p>\n\n\n\n<p><strong>ENTREVISTA AL PRODUCTOR FABIAN UMPI\u00c9RREZ POR MART\u00cdN OLAVERRY<\/strong><\/p>\n\n\n\n<p>Fabian Umpi\u00e9rrez, ganador del concurso de cordero pesado con una cruza de Merino Dohne. La Sociedad de Criadores de Merino Dohne realiz\u00f3 comunicaciones en dicha radio felicitando al productor.<\/p>\n\n\n\n<figure class=\"wp-block-image size-large is-resized\"><img loading=\"lazy\" decoding=\"async\" src=\"http:\/\/merinodohne.com\/wp-content\/uploads\/2020\/06\/umpierrez-1.jpg\" alt=\"\" class=\"wp-image-345\" width=\"495\" height=\"270\" srcset=\"https:\/\/merinodohne.com\/wp-content\/uploads\/2020\/06\/umpierrez-1.jpg 440w, https:\/\/merinodohne.com\/wp-content\/uploads\/2020\/06\/umpierrez-1-300x164.jpg 300w\" sizes=\"(max-width: 495px) 100vw, 495px\" \/><figcaption>Productor Fabian Umpi\u00e9rrez.<\/figcaption><\/figure>\n\n\n\n<figure class=\"wp-block-audio\"><audio controls src=\"http:\/\/merinodohne.com\/wp-content\/uploads\/2020\/06\/FABIANUMPIERREZ_PARTE-1.mp3\"><\/audio><figcaption>Entrevista a Fabian Umpi\u00e9rrez_primera parte<\/figcaption><\/figure>\n\n\n\n<figure class=\"wp-block-audio\"><audio controls src=\"http:\/\/merinodohne.com\/wp-content\/uploads\/2020\/06\/FABIANUMPIERREZ_PARTE-2.mp3\"><\/audio><figcaption>Entrevista a Fabian Umpi\u00e9rrez_segunda parte<\/figcaption><\/figure>\n\n\n\n<p><strong>CONSIDERACIONES NUTRICIONALES DE LOS CORDEROS AL DESTETE<\/strong><\/p>\n\n\n\n<p>El destete es un momento muy estresante para los corderos, y donde se deben tomar medidas sanitarias y de manejo adecuadas para asegurar una correcta recr\u00eda de los mismos. Es el momento ideal para ense\u00f1arles a comer en preparaci\u00f3n para la aplicaci\u00f3n de estrategias como la alimentaci\u00f3n focalizada pre-servicio y pre-parto, para aumentar la prolificidad de la majada y la sobrevivencia de los corderos. Sin embargo, es importante reconocer que el suplemento utilizado debe ser adecuado para esta categor\u00eda y debe cubrir los requerimientos nutricionales espec\u00edficos de esta especie.<\/p>\n\n\n\n<div class=\"wp-block-image\"><figure class=\"alignleft size-large is-resized\"><img loading=\"lazy\" decoding=\"async\" src=\"http:\/\/merinodohne.com\/wp-content\/uploads\/2020\/06\/Destete-2.jpg.jpg\" alt=\"\" class=\"wp-image-352\" width=\"484\" height=\"322\" srcset=\"https:\/\/merinodohne.com\/wp-content\/uploads\/2020\/06\/Destete-2.jpg.jpg 842w, https:\/\/merinodohne.com\/wp-content\/uploads\/2020\/06\/Destete-2.jpg-300x200.jpg 300w, https:\/\/merinodohne.com\/wp-content\/uploads\/2020\/06\/Destete-2.jpg-768x512.jpg 768w\" sizes=\"(max-width: 484px) 100vw, 484px\" \/><figcaption>Foto Nambi Guasu.<\/figcaption><\/figure><\/div>\n\n\n\n<p class=\"has-text-align-left\">Es una pr\u00e1ctica muy com\u00fan utilizar raciones de destete formuladas para terneros, sin considerar que, en general, tienen altos contenidos de monensina, ion\u00f3foro utilizado como promotor de crecimiento. El margen de seguridad de esta mol\u00e9cula difiere entre especies, siendo el ovino mucho m\u00e1s susceptible a sus efectos t\u00f3xicos. Por este motivo, es importante programar los potreros de destete con mucho cuidado evitando el uso de potreros donde se suministra sal para ganado (generalmente, con agregado de monensina), en bateas a nivel del suelo. El hecho de que los corderos sepan comer y se hayan alivianado durante el per\u00edodo de encierre son facilitadores de cuadros de intoxicaci\u00f3n con monensina. Recientemente, hemos tenido un problema de este tipo, publicado en el Archivo Veterinario del Este, Bolet\u00edn N\u00b024, a\u00f1o 2015 (p. 5), que aqu\u00ed ponemos a disposici\u00f3n de nuestros clientes y amigos.<\/p>\n\n\n\n<div class=\"wp-block-file\"><a id=\"wp-block-file--media-0e67f662-72e8-4c1b-9084-81ff58632b4a\" href=\"http:\/\/merinodohne.com\/wp-content\/uploads\/2020\/06\/Archivo-Veterinario-del-Este-1er-semestre-2015_compressed.pdf\">Archivo Veterinario del Este<\/a><a href=\"http:\/\/merinodohne.com\/wp-content\/uploads\/2020\/06\/Archivo-Veterinario-del-Este-1er-semestre-2015_compressed.pdf\" class=\"wp-block-file__button\" download aria-describedby=\"wp-block-file--media-0e67f662-72e8-4c1b-9084-81ff58632b4a\">Descarga<\/a><\/div>\n\n\n\n<p><strong>LA RAZA MERINO DOHNE EN URUGUAY: APORTES DE INVESTIGACI\u00d3N DEL INIA<\/strong><\/p>\n\n\n\n<figure class=\"wp-block-image size-large is-resized\"><img loading=\"lazy\" decoding=\"async\" src=\"http:\/\/merinodohne.com\/wp-content\/uploads\/2020\/06\/destaque_revista.jpg\" alt=\"\" class=\"wp-image-385\" width=\"678\" height=\"181\" srcset=\"https:\/\/merinodohne.com\/wp-content\/uploads\/2020\/06\/destaque_revista.jpg 870w, https:\/\/merinodohne.com\/wp-content\/uploads\/2020\/06\/destaque_revista-300x80.jpg 300w, https:\/\/merinodohne.com\/wp-content\/uploads\/2020\/06\/destaque_revista-768x206.jpg 768w\" sizes=\"(max-width: 678px) 100vw, 678px\" \/><\/figure>\n\n\n\n<div class=\"wp-block-file\"><a id=\"wp-block-file--media-17156303-65bf-4e60-b401-58703957706b\" href=\"http:\/\/merinodohne.com\/wp-content\/uploads\/2020\/06\/revista_INIA-452-496.pdf\">Revista_INIA<\/a><a href=\"http:\/\/merinodohne.com\/wp-content\/uploads\/2020\/06\/revista_INIA-452-496.pdf\" class=\"wp-block-file__button\" download aria-describedby=\"wp-block-file--media-17156303-65bf-4e60-b401-58703957706b\">Descarga<\/a><\/div>\n\n\n\n<p>En el Seminario sobre \u00abAlternativas tecnol\u00f3gicas para los sistemas ganaderos del basalto\u00bb  realizado en diciembre 2014 en la sede del Instituto Nacional de Investigaci\u00f3n Agropecuaria (INIA) Tacuaremb\u00f3  se present\u00f3 la serie T\u00e9cnica 217 de 568 p\u00e1ginas y 5 cap\u00edtulos con informaci\u00f3n relevante para t\u00e9cnicos y productores. Destacamos el cap\u00edtulo III, Ovinos y  la informaci\u00f3n sobre cruzamientos de Corriedale con Merino Dohne que adjuntamos aqu\u00ed. <\/p>\n\n\n\n<p><strong>DOHNES PERFORM IN URUGUAY<\/strong><\/p>\n\n\n\n<figure class=\"wp-block-image size-large\"><img loading=\"lazy\" decoding=\"async\" width=\"867\" height=\"679\" src=\"http:\/\/merinodohne.com\/wp-content\/uploads\/2020\/06\/dones_perform_in_uruguay.jpg\" alt=\"\" class=\"wp-image-401\" srcset=\"https:\/\/merinodohne.com\/wp-content\/uploads\/2020\/06\/dones_perform_in_uruguay.jpg 867w, https:\/\/merinodohne.com\/wp-content\/uploads\/2020\/06\/dones_perform_in_uruguay-300x235.jpg 300w, https:\/\/merinodohne.com\/wp-content\/uploads\/2020\/06\/dones_perform_in_uruguay-768x601.jpg 768w\" sizes=\"(max-width: 767px) 89vw, (max-width: 1000px) 54vw, (max-width: 1071px) 543px, 580px\" \/><\/figure>\n\n\n\n<p><strong>La Raza Dohne se ha establecido en Uruguay.<\/strong> <\/p>\n\n\n\n<p>El Dohne Australiano ha mostrado un elevado rendimiento en el campo uruguayo y est\u00e1 haciendo valer su nombre en el pa\u00eds.  La raza fue introducida en el Uruguay en el a\u00f1o 2002, mostrando inmediatamente su capacidad de adaptaci\u00f3n al clima local, as\u00ed como sus \u00f3ptimas posibilidades de producci\u00f3n. Roberto Quadrelli y su pareja Carolina son algunos de los productores uruguayos que est\u00e1n aprovechando estas cualidades.  Frente a la demanda de los mercados de lana y carne, estos productores decidieron invertir en la raza, como lo han hecho muchos productores australianos. Roberto se\u00f1al\u00f3 que la raza tiene doble prop\u00f3sito, ya que produce lana fina y tiene un buen rendimiento de carne.  Roberto y Carolina implantaron sus primeros embriones Dohne Australianos a principios de este a\u00f1o y est\u00e1n ansiosos por conocer los resultados de la gen\u00e9tica importada.<\/p>\n\n\n\n<p>Los embriones formar\u00e1n el pie de cr\u00eda de la caba\u00f1a&nbsp;<em>Nambi Guasu<\/em>&nbsp;(que significa orejas grandes), que est\u00e1 en su etapa inicial, y planean registrar en la Asociaci\u00f3n Australiana de Criadores Dohne (\u201cAustralian Dohne Breeders Association\u201d). La caba\u00f1a se encuentra situada 45 km al sudeste de Melo (Departamento de Cerro Largo), en Uruguay, un pa\u00eds peque\u00f1o de clima templado, con una pluviometr\u00eda de 1100 mm anuales.  Veterinario de oficio, Roberto proviene de una familia con un importante historial agropecuario y siempre se sinti\u00f3 atra\u00eddo hacia la producci\u00f3n ovina. Fue, precisamente, oficiando de veterinario que descubri\u00f3 el Dohne. En 2006 y 2007, Roberto pas\u00f3 varios meses en Australia occidental trabajando para <em>Genstock<\/em>, una reconocida compa\u00f1\u00eda dedicada a las biotecnolog\u00edas reproductivas, donde realiz\u00f3 las conexiones necesarias para importar los embriones Dohne.<\/p>\n\n\n\n<p>\u201cCuando decidimos importar gen\u00e9tica de Australia, inmediatamente pensamos en los criadores de Australia Occidental, ya que cont\u00e1bamos con el apoyo de Craig y Liz Heggaton, y todo el equipo de <em>Genstock<\/em> para producir y exportar nuestros embriones\u201d, afirm\u00f3 Roberto. \u00abExisten varias caba\u00f1as de primer nivel en Australia Occidental, pero Collen y Kim Parsons, de Kintail Park, nos mostraron el tipo de animal que quer\u00eda producir a futuro; un animal voluminoso y carnudo, con un vell\u00f3n denso, fino y blanco\u201d. \u201cTambi\u00e9n hab\u00eda que considerar aspectos sanitarios, dado que el material gen\u00e9tico importado a nuestro pa\u00eds debe estar libre de enfermedades como la paratuberculosis ovina (\u201cEnfermedad de Johnes\u201d) y <em>Kintail Park <\/em>cumpl\u00eda con todos estos requisitos.\u201d<\/p>\n","protected":false},"excerpt":{"rendered":"<p>Piet\u00edn: una enfermedad incompatible con el bienestar animal y humano \u00bfA qu\u00e9 productor ovejero no le quita el sue\u00f1o esta temible enfermedad? A todos nos desvela, porque es una enfermedad muy contagiosa que disminuye el estado corporal de las ovejas, afectando en el largo plazo su desempe\u00f1o productivo (carne y lana), reproductivo (menor tasa de &hellip; <\/p>\n<p class=\"link-more\"><a href=\"https:\/\/merinodohne.com\/?page_id=261\" class=\"more-link\">Continuar leyendo<span class=\"screen-reader-text\"> \u00abOvinos Uruguay\u00bb<\/span><\/a><\/p>\n","protected":false},"author":1,"featured_media":0,"parent":0,"menu_order":0,"comment_status":"closed","ping_status":"closed","template":"","meta":{"footnotes":""},"class_list":["post-261","page","type-page","status-publish","hentry"],"_links":{"self":[{"href":"https:\/\/merinodohne.com\/index.php?rest_route=\/wp\/v2\/pages\/261","targetHints":{"allow":["GET"]}}],"collection":[{"href":"https:\/\/merinodohne.com\/index.php?rest_route=\/wp\/v2\/pages"}],"about":[{"href":"https:\/\/merinodohne.com\/index.php?rest_route=\/wp\/v2\/types\/page"}],"author":[{"embeddable":true,"href":"https:\/\/merinodohne.com\/index.php?rest_route=\/wp\/v2\/users\/1"}],"replies":[{"embeddable":true,"href":"https:\/\/merinodohne.com\/index.php?rest_route=%2Fwp%2Fv2%2Fcomments&post=261"}],"version-history":[{"count":37,"href":"https:\/\/merinodohne.com\/index.php?rest_route=\/wp\/v2\/pages\/261\/revisions"}],"predecessor-version":[{"id":501,"href":"https:\/\/merinodohne.com\/index.php?rest_route=\/wp\/v2\/pages\/261\/revisions\/501"}],"wp:attachment":[{"href":"https:\/\/merinodohne.com\/index.php?rest_route=%2Fwp%2Fv2%2Fmedia&parent=261"}],"curies":[{"name":"wp","href":"https:\/\/api.w.org\/{rel}","templated":true}]}}